{"id":327,"date":"2017-10-20T11:50:58","date_gmt":"2017-10-20T11:50:58","guid":{"rendered":"http:\/\/kirchenchor-sundern.de\/?page_id=327"},"modified":"2017-10-24T10:35:41","modified_gmt":"2017-10-24T10:35:41","slug":"2007-2010","status":"publish","type":"page","link":"https:\/\/kirchenchor-sundern.de\/?page_id=327","title":{"rendered":"2007 &#8211; 2010"},"content":{"rendered":"<p><span style=\"font-size: 16pt;\"><strong>2010<\/strong><\/span><\/p>\n<p><strong>24.12.2010<\/strong><\/p>\n<p>Christmette St. Johannes 18.00 Uhr mit Vorprogramm<\/p>\n<p>&#8211; Brich an du sch\u00f6nes Morgenlicht<\/p>\n<p>&#8211; Heilige Nacht<\/p>\n<p>&#8211; Zu Bethlehem geboren<\/p>\n<p>&#8211; Fr\u00f6hlich soll mein Herze springen<\/p>\n<p>&#8211; Tollite Hostias<\/p>\n<p>&#8211; Oh du Fr\u00f6hliche<\/p>\n<p><strong>19.12.2010<\/strong><\/p>\n<figure id=\"attachment_128\" aria-describedby=\"caption-attachment-128\" style=\"width: 212px\" class=\"wp-caption alignnone\"><a href=\"https:\/\/kirchenchor-sundern.de\/wp-content\/uploads\/2017\/10\/comp_2010_Adventskonzert.jpg\"><img decoding=\"async\" loading=\"lazy\" class=\"wp-image-128 size-medium\" src=\"https:\/\/kirchenchor-sundern.de\/wp-content\/uploads\/2017\/10\/comp_2010_Adventskonzert-212x300.jpg\" alt=\"\" width=\"212\" height=\"300\" srcset=\"https:\/\/kirchenchor-sundern.de\/wp-content\/uploads\/2017\/10\/comp_2010_Adventskonzert-212x300.jpg 212w, https:\/\/kirchenchor-sundern.de\/wp-content\/uploads\/2017\/10\/comp_2010_Adventskonzert.jpg 707w\" sizes=\"(max-width: 212px) 100vw, 212px\" \/><\/a><figcaption id=\"caption-attachment-128\" class=\"wp-caption-text\">Adventskonzert 2010<\/figcaption><\/figure>\n<p><strong>06.11.2010<\/strong><\/p>\n<figure id=\"attachment_129\" aria-describedby=\"caption-attachment-129\" style=\"width: 212px\" class=\"wp-caption alignnone\"><a href=\"https:\/\/kirchenchor-sundern.de\/wp-content\/uploads\/2017\/10\/comp_2010_Puccini.jpg\"><img decoding=\"async\" loading=\"lazy\" class=\"size-medium wp-image-129\" src=\"https:\/\/kirchenchor-sundern.de\/wp-content\/uploads\/2017\/10\/comp_2010_Puccini-212x300.jpg\" alt=\"\" width=\"212\" height=\"300\" srcset=\"https:\/\/kirchenchor-sundern.de\/wp-content\/uploads\/2017\/10\/comp_2010_Puccini-212x300.jpg 212w, https:\/\/kirchenchor-sundern.de\/wp-content\/uploads\/2017\/10\/comp_2010_Puccini.jpg 707w\" sizes=\"(max-width: 212px) 100vw, 212px\" \/><\/a><figcaption id=\"caption-attachment-129\" class=\"wp-caption-text\">Puccini 2010<\/figcaption><\/figure>\n<p>Nach langer Zeit des Probens war es endlich soweit.\u00a0Die Auff\u00fchrung der &#8222;Puccinimesse&#8220; war ein Riesenerfolg, wir freuen uns, da\u00df so viele Zuh\u00f6rer gekommen\u00a0sind und uns mit reichem Applaus beschenkt haben.<\/p>\n<p>Wir danken allen, die es m\u00f6glich gemacht haben,\u00a0ein solches Konzert in Sundern durchf\u00fchren zu k\u00f6nnen.<\/p>\n<p>Ein besonderer Dank geht an die Sponsoren und an den Kulturring Sundern, aber auch an alle stillen Helfer im Hintergrund, die sich auf die Suche nach Sponsoren gemacht haben, B\u00fchnenbauer, Beleuchter, Bild und Ton, Presse, Bewirtungshelfer, Fahrer, etc.<\/p>\n<p>Vielen Dank an die Kirchengemeinde f\u00fcr die Bereitstellung der Kirche, ein Dank an Pastor Schmitt f\u00fcr seine Rede.<\/p>\n<p>Ganz herzlich m\u00f6chten wir uns bei den mitwirkenden Ch\u00f6ren bedanken, St. Petri H\u00fcsten, St. Johannes Neheim, St. Magdalena Bruchhausen, Chor Barditus. Gerne haben wir mit Euch zuammen gearbeitet. Ohne die stetige Hilfe der Chorleiter Peter Volbracht und Gaby Rohe h\u00e4tte das Werk nicht gelingen k\u00f6nnen, ebenso Dank an Franz Selter und Karl Roosen f\u00fcr die Betreuung der Einzelstimmproben.<\/p>\n<p>Die Musiker des Orchesters Collegium Musicum Rhein-Ruhr haben uns souver\u00e4n und harmonisch begleitet, Oscar de la Torre, Tenor und Thomas Peter, Bariton \u00fcberzeugten bei Ihrem Auftritt, auch Ihnen allen ein Dankesch\u00f6n.<\/p>\n<p>Zu guter Letzt, Wolfgang Bitter unser Chorleiter, er hat uns angespornt, uns vertraut, und an uns geglaubt, dass wir das Werk zusammen schaffen k\u00f6nnen, vielen Dank f\u00fcr seinen unerm\u00fcdlichen Einsatz f\u00fcr unseren Chor.<\/p>\n<p>Einen aktuellen Pressebericht zur Auff\u00fchrung der &#8222;Puccinimesse&#8220; finden Sie auf der Seite Presse.<\/p>\n<p><strong>18.09.2010 &#8211; 60j\u00e4hriges Jubil\u00e4um der St. Johannes-Gemeinde<\/strong><\/p>\n<figure id=\"attachment_140\" aria-describedby=\"caption-attachment-140\" style=\"width: 212px\" class=\"wp-caption alignnone\"><a href=\"https:\/\/kirchenchor-sundern.de\/wp-content\/uploads\/2017\/10\/comp_2010_60-Jahre-Chor-Vierne.jpg\"><img decoding=\"async\" loading=\"lazy\" class=\"size-medium wp-image-140\" src=\"https:\/\/kirchenchor-sundern.de\/wp-content\/uploads\/2017\/10\/comp_2010_60-Jahre-Chor-Vierne-212x300.jpg\" alt=\"\" width=\"212\" height=\"300\" srcset=\"https:\/\/kirchenchor-sundern.de\/wp-content\/uploads\/2017\/10\/comp_2010_60-Jahre-Chor-Vierne-212x300.jpg 212w, https:\/\/kirchenchor-sundern.de\/wp-content\/uploads\/2017\/10\/comp_2010_60-Jahre-Chor-Vierne.jpg 707w\" sizes=\"(max-width: 212px) 100vw, 212px\" \/><\/a><figcaption id=\"caption-attachment-140\" class=\"wp-caption-text\">60 Jahre Kirchenchor 2010<\/figcaption><\/figure>\n<p>&#8211; Lobt den Herrn der Welt<\/p>\n<p><strong>29.07.2010<\/strong><\/p>\n<p>Wir singen im Seelenamt f\u00fcr unser Chormitglied Christel Wahle.<\/p>\n<p>Mit Christel verliert der Chor eine treue Seele und langj\u00e4hrige, stimmfeste S\u00e4ngerin im Sopran.<\/p>\n<p>\u00dcber Jahrzehnte hin f\u00fchrt Christel das Amt der Kassiererin unerm\u00fcdlich und gewissenhaft aus.<\/p>\n<p>Sie verliert leider den Kampf gegen ihre langj\u00e4hrige Krankheit. So wie ihr das Singen im Chor viel bedeutet hat,<\/p>\n<p>war Christel \u00fcber Jahrzehnte f\u00fcr den ganzen Chor von Bedeutung. Sie wird stets beim Singen mit uns sein&#8230;<\/p>\n<p><strong>11.07.2010<\/strong><\/p>\n<p>Wir singen anl\u00e4sslich des Priesterjubil\u00e4ums von Pastor Pohlmeyer in der Christk\u00f6nigkirche.<\/p>\n<p><strong>08.05.2010<\/strong><\/p>\n<p>Der Bischof besucht unsere Gemeinde &#8211; wir singen im Festhochamt.<\/p>\n<p><span style=\"font-size: 12pt;\"><strong>19.04.2010<\/strong><\/span><\/p>\n<p><a href=\"https:\/\/kirchenchor-sundern.de\/wp-content\/uploads\/2017\/10\/2010.jpg\"><img decoding=\"async\" loading=\"lazy\" class=\"alignnone size-full wp-image-494\" src=\"https:\/\/kirchenchor-sundern.de\/wp-content\/uploads\/2017\/10\/2010.jpg\" alt=\"\" width=\"1044\" height=\"593\" srcset=\"https:\/\/kirchenchor-sundern.de\/wp-content\/uploads\/2017\/10\/2010.jpg 1044w, https:\/\/kirchenchor-sundern.de\/wp-content\/uploads\/2017\/10\/2010-300x170.jpg 300w, https:\/\/kirchenchor-sundern.de\/wp-content\/uploads\/2017\/10\/2010-768x436.jpg 768w, https:\/\/kirchenchor-sundern.de\/wp-content\/uploads\/2017\/10\/2010-1024x582.jpg 1024w\" sizes=\"(max-width: 767px) 89vw, (max-width: 1000px) 54vw, (max-width: 1071px) 543px, 580px\" \/><\/a><\/p>\n<p style=\"text-align: justify;\">F\u00fcr 50-j\u00e4hrige Mitgliedschaft wurden Christel Wahle, Christa Riemann und Brigitte Bruchhage, f\u00fcr 40-j\u00e4hrige Mitgliedschaft wurde Mechthild Niepel geehrt. Alle erhielten eine Urkunde und einen Blumenstrau\u00df.<\/p>\n<p style=\"text-align: justify;\">Bei den Neuwahlen des Vorstandes wurde Lilo Budden als 1. Vorsitzende gew\u00e4hlt. Das Amt der Kassiererin wurde von Annette N\u00f6ker \u00fcbernommen. Als Schriftf\u00fchrerin wurde Daniela Z\u00f6llner gew\u00e4hlt.<\/p>\n<p style=\"text-align: justify;\">Irmgard Altek\u00f6ster stellte sich nach 10 Jahren im Amt der 1. Vorsitzenden nicht mehr zur Wahl. Christel Wahle schied als Kassiererin nach 18 Jahren aus dem Vorstand aus. Ingrid Falke stellte das Amt der Schriftf\u00fchrerin nach \u00fcber 30 Jahren zur Verf\u00fcgung, und bleibt dem Chor als Notenwartin erhalten. Alle wurden mit einem Blumenstrau\u00df und einem Pr\u00e4sent vom 2. Vorsitzenden Georg Niemeyer verabschiedet.<\/p>\n<p style=\"text-align: justify;\">Nach vorherigem Beschluss der Versammlung wurde das Vorstandsteam um 2 Beisitzerposten vergr\u00f6\u00dfert. Norbert Otto und Georg Scheffer wurden als Beisitzer gew\u00e4hlt.<\/p>\n<p style=\"text-align: justify;\">Ein weiteres neues Amt im Vorstandsteam wurde f\u00fcr den Bereich Medien geschaffen, hier wurde Irmgard Altek\u00f6ster gew\u00e4hlt.<\/p>\n<p><strong>05.04.2010<\/strong><\/p>\n<p>Ostermontag in Christk\u00f6nig (siehe Ostersonntag)<\/p>\n<p><strong>04.04.2010<\/strong><\/p>\n<p>Ostersonntag St. Johannes<\/p>\n<p>&#8211; Kyrie, Gloria, Sanctus und Agnus Dei aus der kleinen Orgelsolomesse von Joseph Haydn<\/p>\n<p><strong>02.04.2010<\/strong><\/p>\n<p>Karfreitag<\/p>\n<p>&#8211; Aus tiefer Not schrei ich zu dir<\/p>\n<p>&#8211; O Haupt voll Blut und Wunden<\/p>\n<p>&#8211; Heil&#8217;ges Kreuz so hoch begnadet<\/p>\n<p>&#8211; O Gotteslamm<\/p>\n<hr \/>\n<p><span style=\"font-size: 16pt;\"><strong>2009<\/strong><\/span><\/p>\n<p>&nbsp;<\/p>\n<p><strong>31.10.2009<\/strong><\/p>\n<p>Konzert in St. Magdalena, Arnsberg-Bruchhausen<\/p>\n<p>Giacomo Puccini<\/p>\n<p>Messa de Gloria (Messa a 4 voci)<\/p>\n<p><a href=\"https:\/\/kirchenchor-sundern.de\/wp-content\/uploads\/2017\/10\/puccinih\u00fcsten.jpg\"><img decoding=\"async\" loading=\"lazy\" class=\"alignnone size-medium wp-image-428\" src=\"https:\/\/kirchenchor-sundern.de\/wp-content\/uploads\/2017\/10\/puccinih\u00fcsten-216x300.jpg\" alt=\"\" width=\"216\" height=\"300\" srcset=\"https:\/\/kirchenchor-sundern.de\/wp-content\/uploads\/2017\/10\/puccinih\u00fcsten-216x300.jpg 216w, https:\/\/kirchenchor-sundern.de\/wp-content\/uploads\/2017\/10\/puccinih\u00fcsten.jpg 323w\" sizes=\"(max-width: 216px) 100vw, 216px\" \/><\/a><\/p>\n<p>Geamtleitung: Peter Volbracht<\/p>\n<p>Ch\u00f6re:<\/p>\n<p>Kirchenchor St. Petri, H\u00fcsten, Leitung: Peter Volbracht<\/p>\n<p>Kirchenchor St. Magdalena Bruchhausen, Leitung: Peter Volbracht<\/p>\n<p>Kirchenchor St. Johannes Ev. Sundern, Leitung: Wolfgang Bitter<\/p>\n<p>Kirchenchor St. Johannes Babptist Neheim, Leitung: Hartwig Diehl<\/p>\n<p>Barditus, Sundern, Leitung: Gaby Rohe<\/p>\n<p><strong>01.11.2009<\/strong><\/p>\n<p>Konzert in St. Petri, Arnsberg-H\u00fcsten<\/p>\n<p>Giacomo Puccini<\/p>\n<p>Messa de Gloria (Messa a 4 voci)<\/p>\n<p><a href=\"https:\/\/kirchenchor-sundern.de\/wp-content\/uploads\/2017\/10\/puccinih\u00fcsten.jpg\"><img decoding=\"async\" loading=\"lazy\" class=\"alignnone size-medium wp-image-428\" src=\"https:\/\/kirchenchor-sundern.de\/wp-content\/uploads\/2017\/10\/puccinih\u00fcsten-216x300.jpg\" alt=\"\" width=\"216\" height=\"300\" srcset=\"https:\/\/kirchenchor-sundern.de\/wp-content\/uploads\/2017\/10\/puccinih\u00fcsten-216x300.jpg 216w, https:\/\/kirchenchor-sundern.de\/wp-content\/uploads\/2017\/10\/puccinih\u00fcsten.jpg 323w\" sizes=\"(max-width: 216px) 100vw, 216px\" \/><\/a><\/p>\n<p>Geamtleitung: Peter Volbracht<\/p>\n<p>Ch\u00f6re:<\/p>\n<p>Kirchenchor St. Petri, H\u00fcsten, Leitung: Peter Volbracht<\/p>\n<p>Kirchenchor St. Magdalena Bruchhausen, Leitung: Peter Volbracht<\/p>\n<p>Kirchenchor St. Johannes Ev. Sundern, Leitung: Wolfgang Bitter<\/p>\n<p>Kirchenchor St. Johannes Babptist Neheim, Leitung: Hartwig Diehl<\/p>\n<p>Barditus, Sundern, Leitung: Gaby Rohe<\/p>\n<p><strong>20.12.2009<\/strong><\/p>\n<p>Adventskonzert in St. Johannes<\/p>\n<p>Kirchenchor St. Johannes<\/p>\n<p>Chor happy voices, Werl<\/p>\n<p>Barbara Bielefeld-Rikus, Blockfl\u00f6te<\/p>\n<p>Anne Faulian-Wiese, Sopran<\/p>\n<p>Gesamtleitung: Wolfgang Bitter<\/p>\n<figure id=\"attachment_139\" aria-describedby=\"caption-attachment-139\" style=\"width: 208px\" class=\"wp-caption alignnone\"><a href=\"https:\/\/kirchenchor-sundern.de\/wp-content\/uploads\/2017\/10\/comp_2009_Adventskonzert.jpg\"><img decoding=\"async\" loading=\"lazy\" class=\"size-medium wp-image-139\" src=\"https:\/\/kirchenchor-sundern.de\/wp-content\/uploads\/2017\/10\/comp_2009_Adventskonzert-208x300.jpg\" alt=\"\" width=\"208\" height=\"300\" srcset=\"https:\/\/kirchenchor-sundern.de\/wp-content\/uploads\/2017\/10\/comp_2009_Adventskonzert-208x300.jpg 208w, https:\/\/kirchenchor-sundern.de\/wp-content\/uploads\/2017\/10\/comp_2009_Adventskonzert.jpg 694w\" sizes=\"(max-width: 208px) 100vw, 208px\" \/><\/a><figcaption id=\"caption-attachment-139\" class=\"wp-caption-text\">Adventskonzert 2009<\/figcaption><\/figure>\n<hr \/>\n<p><span style=\"font-size: 16pt;\"><strong>2008<\/strong><\/span><\/p>\n<p><strong>26.04.2008<\/strong><\/p>\n<p>Gemeindewallfahrt St. Johannes nach Werl<\/p>\n<p>musikalische Gestaltung der Messe in der Basilika<\/p>\n<p>&#8211; Kyrie aus der Messe solenelle, Louis Vierne<\/p>\n<p>&#8211; Lobet den Herrn in seinem Heiligtum, Biener<\/p>\n<p>&#8211; Agnus Dei aus der Messe solenelle, Louis Vierne<\/p>\n<p><strong>01.05.2008<\/strong><\/p>\n<p><a href=\"https:\/\/kirchenchor-sundern.de\/wp-content\/uploads\/2017\/10\/wappen_klein.jpg\"><img decoding=\"async\" loading=\"lazy\" class=\"alignnone size-full wp-image-496\" src=\"https:\/\/kirchenchor-sundern.de\/wp-content\/uploads\/2017\/10\/wappen_klein.jpg\" alt=\"\" width=\"589\" height=\"589\" srcset=\"https:\/\/kirchenchor-sundern.de\/wp-content\/uploads\/2017\/10\/wappen_klein.jpg 589w, https:\/\/kirchenchor-sundern.de\/wp-content\/uploads\/2017\/10\/wappen_klein-150x150.jpg 150w, https:\/\/kirchenchor-sundern.de\/wp-content\/uploads\/2017\/10\/wappen_klein-300x300.jpg 300w, https:\/\/kirchenchor-sundern.de\/wp-content\/uploads\/2017\/10\/wappen_klein-100x100.jpg 100w\" sizes=\"(max-width: 589px) 100vw, 589px\" \/><\/a><\/p>\n<p>Der Kirchenchor beteiligt sich am Projekt &#8222;ein Maibaum f\u00fcr Sundern&#8220; und bekommt ein eigenes Wappenschild am Maibaum. Beim Aufstellen des Baumes singt der Chor Fr\u00fchlingslieder.<\/p>\n<p><strong>27.10.2008<\/strong><\/p>\n<p>1 Orgelherbst.<\/p>\n<p>Orgelkonzert und Chorgesang<\/p>\n<p>Organist: Markus Karas<\/p>\n<p>Regionalkantor, Titular-Organist und Dirigent des Bonner M\u00fcnsterchores an der Basilika St. Martin, dem M\u00fcnster zu Bonn.<\/p>\n<p>Chor: Kirchenchor St. Johannes<\/p>\n<p><strong>22.11.2008<\/strong><\/p>\n<p>Messe im K\u00f6lner Dom mit Auff\u00fchrung der Messe Solenelle von Louis Vierne<\/p>\n<p>Kirchenchor St. Johannes Sundern<\/p>\n<p>Kirchenchor St. Petri Arnsberg-H\u00fcsten<\/p>\n<p>Kirchenchor St. Magdalena Arnsberg-Bruchhausen<\/p>\n<p><strong>07.12.2008<\/strong><\/p>\n<p>Adventskonzert in St. Johannes<\/p>\n<p>Kirchenchor St. Johannes<\/p>\n<p>Chor happy voices, Werl<\/p>\n<p>Gesamtleitung: Wolfgang Bitter<\/p>\n<figure id=\"attachment_138\" aria-describedby=\"caption-attachment-138\" style=\"width: 215px\" class=\"wp-caption alignnone\"><a href=\"https:\/\/kirchenchor-sundern.de\/wp-content\/uploads\/2017\/10\/comp_2008_Adventskonzert.jpg\"><img decoding=\"async\" loading=\"lazy\" class=\"size-medium wp-image-138\" src=\"https:\/\/kirchenchor-sundern.de\/wp-content\/uploads\/2017\/10\/comp_2008_Adventskonzert-215x300.jpg\" alt=\"\" width=\"215\" height=\"300\" srcset=\"https:\/\/kirchenchor-sundern.de\/wp-content\/uploads\/2017\/10\/comp_2008_Adventskonzert-215x300.jpg 215w, https:\/\/kirchenchor-sundern.de\/wp-content\/uploads\/2017\/10\/comp_2008_Adventskonzert.jpg 716w\" sizes=\"(max-width: 215px) 100vw, 215px\" \/><\/a><figcaption id=\"caption-attachment-138\" class=\"wp-caption-text\">Adventskonzert 2008<\/figcaption><\/figure>\n<hr \/>\n<p><span style=\"font-size: 16pt;\"><strong>2007<\/strong><\/span><\/p>\n<p><strong>16.01.2007<\/strong><\/p>\n<p>neuer Dirigent Andreas Todt<\/p>\n<p><strong>26.08.2007<\/strong><\/p>\n<p>Verabschiedung Andreas Todt<\/p>\n<p><strong>01.09.2007<\/strong><\/p>\n<p>neuer Dirigent Wolfgang Bitter<\/p>\n<p><a href=\"https:\/\/kirchenchor-sundern.de\/wp-content\/uploads\/2017\/10\/2007WB.jpg\"><img decoding=\"async\" loading=\"lazy\" class=\"alignnone wp-image-436 size-full\" src=\"https:\/\/kirchenchor-sundern.de\/wp-content\/uploads\/2017\/10\/2007WB.jpg\" alt=\"\" width=\"780\" height=\"519\" srcset=\"https:\/\/kirchenchor-sundern.de\/wp-content\/uploads\/2017\/10\/2007WB.jpg 780w, https:\/\/kirchenchor-sundern.de\/wp-content\/uploads\/2017\/10\/2007WB-300x200.jpg 300w, https:\/\/kirchenchor-sundern.de\/wp-content\/uploads\/2017\/10\/2007WB-768x511.jpg 768w\" sizes=\"(max-width: 767px) 89vw, (max-width: 1000px) 54vw, (max-width: 1071px) 543px, 580px\" \/><\/a><\/p>\n<p><strong>16.12.2007<\/strong><\/p>\n<p>Konzert mit MGV C\u00e4cilia<\/p>\n<p>\u201eUnd du, Bethlehem\u201c<\/p>\n<p>Kirchenchor St. Johannes Sundern<\/p>\n<p>MGV C\u00e4cilia Sundern<\/p>\n<p>Christk\u00f6nigkirche Sundern<\/p>\n<p><span style=\"border-radius: 2px; text-indent: 20px; width: auto; padding: 0px 4px 0px 0px; text-align: center; font: bold 11px\/20px 'Helvetica Neue',Helvetica,sans-serif; color: #ffffff; background: #bd081c no-repeat scroll 3px 50% \/ 14px 14px; position: absolute; opacity: 1; z-index: 8675309; display: none; cursor: pointer; top: 1905px; left: 50px;\">Merken<\/span><\/p>\n<p><span style=\"border-radius: 2px; text-indent: 20px; width: auto; padding: 0px 4px 0px 0px; text-align: center; font: bold 11px\/20px 'Helvetica Neue',Helvetica,sans-serif; color: #ffffff; background: #bd081c no-repeat scroll 3px 50% \/ 14px 14px; position: absolute; opacity: 1; z-index: 8675309; display: none; cursor: pointer;\">Merken<\/span><\/p>\n<p><span style=\"border-radius: 2px; text-indent: 20px; width: auto; padding: 0px 4px 0px 0px; text-align: center; font: bold 11px\/20px 'Helvetica Neue',Helvetica,sans-serif; color: #ffffff; background: #bd081c no-repeat scroll 3px 50% \/ 14px 14px; position: absolute; opacity: 1; z-index: 8675309; display: none; cursor: pointer; top: 2054px; left: 50px;\">Merken<\/span><\/p>\n<p><span style=\"border-radius: 2px; text-indent: 20px; width: auto; padding: 0px 4px 0px 0px; text-align: center; font: bold 11px\/20px 'Helvetica Neue',Helvetica,sans-serif; color: #ffffff; background: #bd081c no-repeat scroll 3px 50% \/ 14px 14px; position: absolute; opacity: 1; z-index: 8675309; display: none; cursor: pointer; top: 2352px; left: 50px;\">Merken<\/span><\/p>\n<p><span style=\"border-radius: 2px; text-indent: 20px; width: auto; padding: 0px 4px 0px 0px; text-align: center; font: bold 11px\/20px 'Helvetica Neue',Helvetica,sans-serif; color: #ffffff; background: #bd081c no-repeat scroll 3px 50% \/ 14px 14px; position: absolute; opacity: 1; z-index: 8675309; display: none; cursor: pointer; top: 8422px; left: 50px;\">Merken<\/span><\/p>\n<p><span style=\"border-radius: 2px; text-indent: 20px; width: auto; padding: 0px 4px 0px 0px; text-align: center; font: bold 11px\/20px 'Helvetica Neue',Helvetica,sans-serif; color: #ffffff; background: #bd081c no-repeat scroll 3px 50% \/ 14px 14px; position: absolute; opacity: 1; z-index: 8675309; display: none; cursor: pointer;\">Merken<\/span><\/p>\n<p><span style=\"border-radius: 2px; text-indent: 20px; width: auto; padding: 0px 4px 0px 0px; text-align: center; font: bold 11px\/20px 'Helvetica Neue',Helvetica,sans-serif; color: #ffffff; background: #bd081c  no-repeat scroll 3px 50% \/ 14px 14px; position: absolute; opacity: 1; z-index: 8675309; display: none; cursor: pointer; top: 7883px; left: 50px;\">Merken<\/span><\/p>\n","protected":false},"excerpt":{"rendered":"<p>2010 24.12.2010 Christmette St. Johannes 18.00 Uhr mit Vorprogramm &#8211; Brich an du sch\u00f6nes Morgenlicht &#8211; Heilige Nacht &#8211; Zu Bethlehem geboren &#8211; Fr\u00f6hlich soll mein Herze springen &#8211; Tollite Hostias &#8211; Oh du Fr\u00f6hliche 19.12.2010 06.11.2010 Nach langer Zeit des Probens war es endlich soweit.\u00a0Die Auff\u00fchrung der &#8222;Puccinimesse&#8220; war ein Riesenerfolg, wir freuen uns, &hellip; <\/p>\n<p class=\"link-more\"><a href=\"https:\/\/kirchenchor-sundern.de\/?page_id=327\" class=\"more-link\"><span class=\"screen-reader-text\">\u201e2007 &#8211; 2010\u201c<\/span> weiterlesen<\/a><\/p>\n","protected":false},"author":1,"featured_media":0,"parent":0,"menu_order":0,"comment_status":"closed","ping_status":"closed","template":"","meta":{"footnotes":""},"_links":{"self":[{"href":"https:\/\/kirchenchor-sundern.de\/index.php?rest_route=\/wp\/v2\/pages\/327"}],"collection":[{"href":"https:\/\/kirchenchor-sundern.de\/index.php?rest_route=\/wp\/v2\/pages"}],"about":[{"href":"https:\/\/kirchenchor-sundern.de\/index.php?rest_route=\/wp\/v2\/types\/page"}],"author":[{"embeddable":true,"href":"https:\/\/kirchenchor-sundern.de\/index.php?rest_route=\/wp\/v2\/users\/1"}],"replies":[{"embeddable":true,"href":"https:\/\/kirchenchor-sundern.de\/index.php?rest_route=%2Fwp%2Fv2%2Fcomments&post=327"}],"version-history":[{"count":12,"href":"https:\/\/kirchenchor-sundern.de\/index.php?rest_route=\/wp\/v2\/pages\/327\/revisions"}],"predecessor-version":[{"id":497,"href":"https:\/\/kirchenchor-sundern.de\/index.php?rest_route=\/wp\/v2\/pages\/327\/revisions\/497"}],"wp:attachment":[{"href":"https:\/\/kirchenchor-sundern.de\/index.php?rest_route=%2Fwp%2Fv2%2Fmedia&parent=327"}],"curies":[{"name":"wp","href":"https:\/\/api.w.org\/{rel}","templated":true}]}}